{"id":477,"date":"2024-07-01T00:00:47","date_gmt":"2024-07-01T03:00:47","guid":{"rendered":"http:\/\/www.financing.dev\/about-us-1\/"},"modified":"2024-07-29T17:50:29","modified_gmt":"2024-07-29T20:50:29","slug":"quem-somos","status":"publish","type":"page","link":"https:\/\/aequitas.com.br\/en\/quem-somos\/","title":{"rendered":"Who we Are"},"content":{"rendered":"<div class=\"wpb-content-wrapper\"><div class=\"vc_row wpb_row vc_row-fluid vc_custom_1507744060345\"><div class=\"wpb_column vc_column_container vc_col-sm-4\"><div class=\"vc_column-inner\"><div class=\"wpb_wrapper\"><div class=\"testimonial-box\" style=\"background-color:;\"><i style=\"color:;\" class=\"fa fa-quote-left\"><\/i><div class=\"box-img\"><img decoding=\"async\" src=\"https:\/\/aequitas.com.br\/wp-content\/uploads\/2024\/07\/Luiz.jpg\" alt=\"Luiz Fernando Alongi\"><\/div><p style=\"color:;\">A necessidade de apoio na execu\u00e7\u00e3o das obras levou \u00e0 cria\u00e7\u00e3o de uma \u00e1rea corporativa de administra\u00e7\u00e3o contratual. Passo seguinte, a cria\u00e7\u00e3o de uma consultoria, que se especializou em disputas contratuais.<\/p><h4 style=\"color:;\">Luiz Fernando Alongi<\/h4><span style=\"color:;\">S\u00f3cio Fundador<\/span><\/div><\/div><\/div><\/div><div class=\"wpb_column vc_column_container vc_col-sm-4\"><div class=\"vc_column-inner\"><div class=\"wpb_wrapper\"><div class=\"testimonial-box\" style=\"background-color:;\"><i style=\"color:;\" class=\"fa fa-quote-left\"><\/i><div class=\"box-img\"><img decoding=\"async\" src=\"https:\/\/aequitas.com.br\/wp-content\/uploads\/2024\/07\/Fernando.jpg\" alt=\"Fernando Manetta Gomes de S\u00e1\"><\/div><p style=\"color:;\">A partir da experi\u00eancia adquirida em obras e na administra\u00e7\u00e3o de contratos, foi desenvolvida na consultoria a expertise nas t\u00e9cnicas utilizadas nas disputas dos contratos de constru\u00e7\u00e3o.<\/p><h4 style=\"color:;\">Fernando Manetta Gomes de S\u00e1<\/h4><span style=\"color:;\">S\u00f3cio<\/span><\/div><\/div><\/div><\/div><div class=\"wpb_column vc_column_container vc_col-sm-4\"><div class=\"vc_column-inner\"><div class=\"wpb_wrapper\"><div class=\"testimonial-box\" style=\"background-color:;\"><i style=\"color:;\" class=\"fa fa-quote-left\"><\/i><div class=\"box-img\"><img decoding=\"async\" src=\"https:\/\/aequitas.com.br\/wp-content\/uploads\/2024\/07\/Reinaldo-1.jpg\" alt=\"Reinaldo Moura Lopes\"><\/div><p style=\"color:;\">Fui atra\u00eddo para a AEQUITAS pela oportunidade de combinar anos de experi\u00eancia em obras e negocia\u00e7\u00f5es contratuais com uma consultoria reconhecida pela sua atua\u00e7\u00e3o qualificada e excel\u00eancia na presta\u00e7\u00e3o de servi\u00e7os.<\/p><h4 style=\"color:;\">Reinaldo Moura Lopes<\/h4><span style=\"color:;\">S\u00f3cio<\/span><\/div><\/div><\/div><\/div><\/div><div data-vc-full-width=\"true\" data-vc-full-width-init=\"false\" class=\"vc_row wpb_row vc_row-fluid vc_custom_1508583971794 vc_row-has-fill\"><div class=\"wpb_column vc_column_container vc_col-sm-6\"><div class=\"vc_column-inner\"><div class=\"wpb_wrapper\"><div style=\"margin:0px 0px 15px 0px;\" class=\"special-heading\">\r\n\t\t\t\t\t<h1 style=\"font-size:22px; font-weight:; line-height:; text-align:left; text-transform:none; color:;\">Somos a AEQUITAS<\/h1>\r\n\t\t\t\t\t\r\n\t\t\t\t\t<p style=\"font-size:; text-align:left; color:;\"><\/p>\r\n\t\t\t\t<\/div>\n\t<div class=\"wpb_text_column wpb_content_element \" >\n\t\t<div class=\"wpb_wrapper\">\n\t\t\t<p>Uma consultoria especializada na solu\u00e7\u00e3o de conflitos relacionados \u00e0 revis\u00e3o de contratos de infraestrutura. Atuamos em disputas e negocia\u00e7\u00f5es contratuais por meio do assessoramento \u00e0 Parte contratante ou ao escrit\u00f3rio de advocacia contratado.<\/p>\n<p>Trabalhamos na identifica\u00e7\u00e3o da prova a ser apresentada ao longo do procedimento adversarial e na busca da evid\u00eancia na documenta\u00e7\u00e3o t\u00e9cnica e contratual dispon\u00edvel para identificar o cerne da controv\u00e9rsia, assistindo \u00e0 Parte em suas necessidades ao longo da disputa. Nas atua\u00e7\u00f5es como Perito, elaboramos an\u00e1lises e diagn\u00f3sticos que auxiliem o Tribunal Arbitral em sua tomada de decis\u00e3o.<\/p>\n<p>Fundada em 2010, nossa consultoria \u00e9 formada por engenheiros com experi\u00eancia em contratos de constru\u00e7\u00e3o, adquirida ao longo de muitos anos em canteiros de obra de portos, aeroportos, obras industriais, usinas hidrel\u00e9tricas e na administra\u00e7\u00e3o contratual corporativa. Conhe\u00e7a nossos s\u00f3cios.<\/p>\n\n\t\t<\/div>\n\t<\/div>\n<\/div><\/div><\/div><div class=\"wpb_column vc_column_container vc_col-sm-6\"><div class=\"vc_column-inner\"><div class=\"wpb_wrapper\"><div class=\"wpb_images_carousel wpb_content_element vc_clearfix\"><div class=\"wpb_wrapper\"><div id=\"vc_images-carousel-1-1777197787\" data-ride=\"vc_carousel\" data-wrap=\"false\" style=\"width: 100%;\" data-interval=\"0\" data-auto-height=\"yes\" data-mode=\"horizontal\" data-partial=\"false\" data-per-view=\"1\" data-hide-on-end=\"true\" class=\"vc_slide vc_images_carousel\"><ol class=\"vc_carousel-indicators\"><li data-target=\"#vc_images-carousel-1-1777197787\" data-slide-to=\"0\"><\/li><li data-target=\"#vc_images-carousel-1-1777197787\" data-slide-to=\"1\"><\/li><li data-target=\"#vc_images-carousel-1-1777197787\" data-slide-to=\"2\"><\/li><li data-target=\"#vc_images-carousel-1-1777197787\" data-slide-to=\"3\"><\/li><\/ol><div class=\"vc_carousel-inner\"><div class=\"vc_carousel-slideline\"><div class=\"vc_carousel-slideline-inner\"><div class=\"vc_item\"><div class=\"vc_inner\"><a class=\"\" href=\"https:\/\/aequitas.com.br\/wp-content\/uploads\/2024\/07\/FotoRecepcaoNova.jpg\" data-lightbox=\"lightbox[rel-477-2250292525]\"><img loading=\"lazy\" decoding=\"async\" width=\"500\" height=\"450\" src=\"https:\/\/aequitas.com.br\/wp-content\/uploads\/2024\/07\/FotoRecepcaoNova.jpg\" class=\"attachment-full\" alt=\"\" title=\"FotoRecepcaoNova\" srcset=\"https:\/\/aequitas.com.br\/wp-content\/uploads\/2024\/07\/FotoRecepcaoNova.jpg 500w, https:\/\/aequitas.com.br\/wp-content\/uploads\/2024\/07\/FotoRecepcaoNova-300x270.jpg 300w\" sizes=\"auto, (max-width: 500px) 100vw, 500px\" \/><\/a><\/div><\/div><div class=\"vc_item\"><div class=\"vc_inner\"><a class=\"\" href=\"https:\/\/aequitas.com.br\/wp-content\/uploads\/2024\/07\/Corrosel_0002_Aequitas_WEB_042.jpg\" data-lightbox=\"lightbox[rel-477-2250292525]\"><img loading=\"lazy\" decoding=\"async\" width=\"500\" height=\"450\" src=\"https:\/\/aequitas.com.br\/wp-content\/uploads\/2024\/07\/Corrosel_0002_Aequitas_WEB_042.jpg\" class=\"attachment-full\" alt=\"\" title=\"Corrosel_0002_Aequitas_WEB_042\" srcset=\"https:\/\/aequitas.com.br\/wp-content\/uploads\/2024\/07\/Corrosel_0002_Aequitas_WEB_042.jpg 500w, https:\/\/aequitas.com.br\/wp-content\/uploads\/2024\/07\/Corrosel_0002_Aequitas_WEB_042-300x270.jpg 300w\" sizes=\"auto, (max-width: 500px) 100vw, 500px\" \/><\/a><\/div><\/div><div class=\"vc_item\"><div class=\"vc_inner\"><a class=\"\" href=\"https:\/\/aequitas.com.br\/wp-content\/uploads\/2024\/07\/Corrosel_0000_Aequitas_WEB_065.jpg\" data-lightbox=\"lightbox[rel-477-2250292525]\"><img loading=\"lazy\" decoding=\"async\" width=\"500\" height=\"450\" src=\"https:\/\/aequitas.com.br\/wp-content\/uploads\/2024\/07\/Corrosel_0000_Aequitas_WEB_065.jpg\" class=\"attachment-full\" alt=\"\" title=\"Corrosel_0000_Aequitas_WEB_065\" srcset=\"https:\/\/aequitas.com.br\/wp-content\/uploads\/2024\/07\/Corrosel_0000_Aequitas_WEB_065.jpg 500w, https:\/\/aequitas.com.br\/wp-content\/uploads\/2024\/07\/Corrosel_0000_Aequitas_WEB_065-300x270.jpg 300w\" sizes=\"auto, (max-width: 500px) 100vw, 500px\" \/><\/a><\/div><\/div><div class=\"vc_item\"><div class=\"vc_inner\"><a class=\"\" href=\"https:\/\/aequitas.com.br\/wp-content\/uploads\/2024\/07\/Corrosel_0003_Aequitas_WEB_017.jpg\" data-lightbox=\"lightbox[rel-477-2250292525]\"><img loading=\"lazy\" decoding=\"async\" width=\"500\" height=\"450\" src=\"https:\/\/aequitas.com.br\/wp-content\/uploads\/2024\/07\/Corrosel_0003_Aequitas_WEB_017.jpg\" class=\"attachment-full\" alt=\"\" title=\"Corrosel_0003_Aequitas_WEB_017\" srcset=\"https:\/\/aequitas.com.br\/wp-content\/uploads\/2024\/07\/Corrosel_0003_Aequitas_WEB_017.jpg 500w, https:\/\/aequitas.com.br\/wp-content\/uploads\/2024\/07\/Corrosel_0003_Aequitas_WEB_017-300x270.jpg 300w\" sizes=\"auto, (max-width: 500px) 100vw, 500px\" \/><\/a><\/div><\/div><\/div><\/div><\/div><a class=\"vc_left vc_carousel-control\" href=\"#vc_images-carousel-1-1777197787\" data-slide=\"prev\"><span class=\"icon-prev\"><\/span><\/a><a class=\"vc_right vc_carousel-control\" href=\"#vc_images-carousel-1-1777197787\" data-slide=\"next\"><span class=\"icon-next\"><\/span><\/a><\/div><\/div><\/div><\/div><\/div><\/div><\/div><div class=\"vc_row-full-width vc_clearfix\"><\/div><div class=\"vc_row wpb_row vc_row-fluid\"><div class=\"wpb_column vc_column_container vc_col-sm-12\"><div class=\"vc_column-inner\"><div class=\"wpb_wrapper\"><div class=\"tm-style-2\"><div class=\"person-img\"><img decoding=\"async\" src=\"https:\/\/aequitas.com.br\/wp-content\/uploads\/2024\/07\/Luiz_Full.jpg\" alt=\"\" \/><\/div>\r\n    \t\t\t\t<div class=\"person-caption\">\r\n    \t\t\t\t\t<h4 class=\"name\">Luiz Fernando Alongi<\/h4>\r\n    \t\t\t\t\t<p class=\"role\">S\u00f3cio-fundador<\/p>\r\n    \t\t\t\t\t<p class=\"desc\"><\/p>\n<p style=\"font-weight: 400;\">Engenheiro civil formado pela Universidade Federal de Minas Gerais, com especializa\u00e7\u00e3o em Administra\u00e7\u00e3o pela Universidade de S\u00e3o Paulo \u2013 FIA\/USP. Participou do Mediation Workshop no Harvard Negotiation Institute \u2013 HNI em 2009 e do Dealing with Conflicts as a Dispute Boards Training Workshop, ministrado no Brasil em 2011 pela Dispute Resolution Board Foundation &#8211; DRBF.<\/p>\n<p style=\"font-weight: 400;\">Como engenheiro, trabalhou por quase 20 anos em construtora de grande porte, atuando em diversos projetos, dentre os quais, duas Usinas Hidrel\u00e9tricas e um Porto Off-Shore.<\/p>\n<p style=\"font-weight: 400;\">\u00c9 s\u00f3cio fundador da AEQUITAS, com atua\u00e7\u00e3o em Procedimentos Arbitrais de grande vulto e complexidade \u2013 como Co\u00e1rbitro, Perito designado pelo Tribunal Arbitral e Assistente T\u00e9cnico da Parte \u2013 e na prepara\u00e7\u00e3o dos Pedidos de Revis\u00e3o dos Contratos de Infraestrutura.<\/p>\n<p style=\"font-weight: 400;\">Est\u00e1 apto a atuar como Mediador ou como membro de Junta de Conflitos (Dispute Boards).<\/p>\n<p><\/p>\r\n\t\t        \t    <p class=\"phone\"><\/p>    \r\n                \t    <p class=\"email\"><i class=\"droplet-email\"><\/i><span>lfernando@aequitas.com.br<\/span><\/p>    \r\n                \t    <p class=\"skype\"><\/p>    \r\n    \t\t\t\t<\/div>\r\n    \t\t\t\t\r\n    \t\t\t\t<div class=\"tm-btn\"><\/div>\r\n    \t\t\t<\/div><div class=\"tm-style-2\"><div class=\"person-img\"><img decoding=\"async\" src=\"https:\/\/aequitas.com.br\/wp-content\/uploads\/2024\/07\/Fernando_Full.jpg\" alt=\"\" \/><\/div>\r\n    \t\t\t\t<div class=\"person-caption\">\r\n    \t\t\t\t\t<h4 class=\"name\">Fernando Manetta Gomes de S\u00e1<\/h4>\r\n    \t\t\t\t\t<p class=\"role\">S\u00f3cio<\/p>\r\n    \t\t\t\t\t<p class=\"desc\">Engenheiro Civil, com forma\u00e7\u00e3o em T\u00e9cnico de Edifica\u00e7\u00f5es, MBA em Gerenciamento de Projetos e capacita\u00e7\u00e3o para atua\u00e7\u00e3o em <em>Dispute Boards<\/em>.<\/p>\n<p>Trabalhou por mais de 15 anos com controle de custos, planejamento e acompanhamento de obras, tendo passagem por algumas das principais empresas brasileiras de Engenharia e Constru\u00e7\u00e3o. Tem experi\u00eancia em projetos nas \u00e1reas de Minera\u00e7\u00e3o, Transportes, \u00d3leo &amp; G\u00e1s e constru\u00e7\u00e3o de edif\u00edcios.<\/p>\n<p>Desde 2014 como S\u00f3cio da AEQUITAS, tem atuado como Assistente T\u00e9cnico ou Perito do Tribunal em Procedimentos Arbitrais, assim como na avalia\u00e7\u00e3o e prepara\u00e7\u00e3o de Pedidos de Revis\u00e3o dos Contratos de Infraestrutura em \u00e2mbito administrativo. \u00a0Possui pr\u00e1tica na an\u00e1lise de atrasos em cronogramas, apura\u00e7\u00e3o de desvios de custos e outras mat\u00e9rias envolvendo disputas t\u00e9cnico-contratuais.<\/p>\r\n\t\t        \t    <p class=\"phone\"><\/p>    \r\n                \t    <p class=\"email\"><i class=\"droplet-email\"><\/i><span>fmanetta@aequitas.com.br<\/span><\/p>    \r\n                \t    <p class=\"skype\"><\/p>    \r\n    \t\t\t\t<\/div>\r\n    \t\t\t\t\r\n    \t\t\t\t<div class=\"tm-btn\"><\/div>\r\n    \t\t\t<\/div><div class=\"tm-style-2\"><div class=\"person-img\"><img decoding=\"async\" src=\"https:\/\/aequitas.com.br\/wp-content\/uploads\/2024\/07\/Reinaldo-Full.jpg\" alt=\"\" \/><\/div>\r\n    \t\t\t\t<div class=\"person-caption\">\r\n    \t\t\t\t\t<h4 class=\"name\">Reinaldo Moura Lopes<\/h4>\r\n    \t\t\t\t\t<p class=\"role\">S\u00f3cio<\/p>\r\n    \t\t\t\t\t<p class=\"desc\">Engenheiro eletricista formado pela Universidade Federal da Bahia, com MBA em Gest\u00e3o de Neg\u00f3cios da Constru\u00e7\u00e3o Civil pela Funda\u00e7\u00e3o Get\u00falio Vargas e extens\u00e3o na <em>Babson Executive Education<\/em> (Boston \u2013 EUA).<\/p>\n<p>S\u00f3cio da AEQUITAS desde 2023, ap\u00f3s 18 anos de atua\u00e7\u00e3o em uma construtora de grande porte, trabalhando em obras da \u00e1rea de energia e infraestrutura. Foi respons\u00e1vel pela implanta\u00e7\u00e3o da \u00e1rea corporativa de gest\u00e3o de contratos e resolu\u00e7\u00e3o de disputas, com atua\u00e7\u00e3o em negocia\u00e7\u00f5es e Procedimentos Arbitrais de grande vulto e complexidade.<\/p>\r\n\t\t        \t    <p class=\"phone\"><\/p>    \r\n                \t    <p class=\"email\"><i class=\"droplet-email\"><\/i><span>reinaldo@aequitas.com.br<\/span><\/p>    \r\n                \t    <p class=\"skype\"><\/p>    \r\n    \t\t\t\t<\/div>\r\n    \t\t\t\t\r\n    \t\t\t\t<div class=\"tm-btn\"><\/div>\r\n    \t\t\t<\/div><\/div><\/div><\/div><\/div><div class=\"vc_row wpb_row vc_row-fluid\"><div class=\"wpb_column vc_column_container vc_col-sm-12\"><div class=\"vc_column-inner\"><div class=\"wpb_wrapper\"><div class=\"vc_empty_space\"   style=\"height: 32px\"><span class=\"vc_empty_space_inner\"><\/span><\/div><\/div><\/div><\/div><\/div>\n<\/div>","protected":false},"excerpt":{"rendered":"A necessidade de apoio na execu\u00e7\u00e3o das obras levou \u00e0 cria\u00e7\u00e3o de uma \u00e1rea corporativa de administra\u00e7\u00e3o contratual. Passo seguinte, a cria\u00e7\u00e3o de uma consultoria, que se especializou em disputas contratuais.Luiz Fernando AlongiS\u00f3cio FundadorA partir da experi\u00eancia adquirida em obras e na administra\u00e7\u00e3o de contratos, foi desenvolvida na consultoria a [...]","protected":false},"author":1,"featured_media":0,"parent":0,"menu_order":0,"comment_status":"closed","ping_status":"closed","template":"","meta":{"footnotes":""},"class_list":["post-477","page","type-page","status-publish","hentry"],"aioseo_notices":[],"_links":{"self":[{"href":"https:\/\/aequitas.com.br\/en\/wp-json\/wp\/v2\/pages\/477","targetHints":{"allow":["GET"]}}],"collection":[{"href":"https:\/\/aequitas.com.br\/en\/wp-json\/wp\/v2\/pages"}],"about":[{"href":"https:\/\/aequitas.com.br\/en\/wp-json\/wp\/v2\/types\/page"}],"author":[{"embeddable":true,"href":"https:\/\/aequitas.com.br\/en\/wp-json\/wp\/v2\/users\/1"}],"replies":[{"embeddable":true,"href":"https:\/\/aequitas.com.br\/en\/wp-json\/wp\/v2\/comments?post=477"}],"version-history":[{"count":12,"href":"https:\/\/aequitas.com.br\/en\/wp-json\/wp\/v2\/pages\/477\/revisions"}],"predecessor-version":[{"id":3282,"href":"https:\/\/aequitas.com.br\/en\/wp-json\/wp\/v2\/pages\/477\/revisions\/3282"}],"wp:attachment":[{"href":"https:\/\/aequitas.com.br\/en\/wp-json\/wp\/v2\/media?parent=477"}],"curies":[{"name":"wp","href":"https:\/\/api.w.org\/{rel}","templated":true}]}}